{"id":735,"date":"2022-09-19T17:26:54","date_gmt":"2022-09-19T15:26:54","guid":{"rendered":"http:\/\/eatatlantique.fr\/?page_id=735"},"modified":"2024-07-01T13:26:46","modified_gmt":"2024-07-01T11:26:46","slug":"amorce-s-avignon-2022","status":"publish","type":"page","link":"https:\/\/eatatlantique.fr\/?page_id=735","title":{"rendered":"Amorce.s"},"content":{"rendered":"\n<p class=\"has-text-align-center has-vivid-cyan-blue-background-color has-background\" style=\"text-transform:capitalize\">Dispositif d\u2019<em>\u00e9criture th\u00e9\u00e2trale<\/em> <em>au c\u0153ur<\/em> des spectateurs <\/p>\n\n\n<div class=\"wp-block-image\">\n<figure class=\"aligncenter size-large is-resized\"><img loading=\"lazy\" decoding=\"async\" width=\"644\" height=\"331\" src=\"https:\/\/eatatlantique.fr\/wp-content\/uploads\/2022\/09\/TEXTES-e1663607103840-644x331.jpg\" alt=\"\" class=\"wp-image-745\" style=\"width:317px;height:163px\"\/><\/figure>\n<\/div>\n\n\n<p><strong><mark style=\"background-color:rgba(0, 0, 0, 0)\" class=\"has-inline-color has-vivid-cyan-blue-color\">Rencontrez une autrice ou un auteur<\/mark><\/strong>&nbsp;: nous venons vous voir. Ensemble nous nous posons quelque part, nous prenons le temps de discuter. D\u2019un c\u00f4t\u00e9, vous vous confiez, un peu, beaucoup, passionn\u00e9ment. &nbsp;De l\u2019autre, nous \u00e9coutons, nous questionnons, nous observons, nous commen\u00e7ons \u00e0 prendre des notes\u2026<\/p>\n\n\n\n<p><strong><mark style=\"background-color:rgba(0, 0, 0, 0)\" class=\"has-inline-color has-vivid-cyan-blue-color\">Soyez \u00e0 l\u2019origine d\u2019un texte in\u00e9dit<\/mark>&nbsp;<\/strong>: \u00e0 partir de cet \u00e9change, d\u2019une phrase captur\u00e9e, d\u2019un geste observ\u00e9, d\u2019une \u00e9motion ressentie, d\u2019une histoire, chaque auteur.e dispose de 1 \u00e0 2h pour \u00e9crire un texte court, libre et inspir\u00e9. Un dialogue, un monologue, une forme libre, ne surtout rien s\u2019interdire pour mieux vous surprendre.<\/p>\n\n\n\n<p><strong><mark style=\"background-color:rgba(0, 0, 0, 0)\" class=\"has-inline-color has-vivid-cyan-blue-color\">Recevez le texte dont vous \u00eates l\u2019inspiration<\/mark><\/strong>&nbsp;: nous nous retrouvons, nous vous offrons le texte que vous nous aurez inspir\u00e9, imprim\u00e9 par nos soins. Nous pouvons aussi le donner \u00e0 entendre \u00e0 un ou plusieurs spectateurs, le laisser lire parfois, le dire \u00e0 plusieurs voix, lui chuchoter. Nous laissons \u00e9galement les textes \u00e0 disposition pour le public de passage, surpris et curieux de d\u00e9couvrir des textes de th\u00e9\u00e2tre contemporain.e.s et leurs auteurs.<\/p>\n\n\n\n<hr class=\"wp-block-separator has-alpha-channel-opacity\"\/>\n\n\n\n<h2 class=\"wp-block-heading has-text-align-center\"><strong><mark style=\"background-color:rgba(0, 0, 0, 0)\" class=\"has-inline-color has-vivid-red-color\">Pr\u00e9sence Pasteur (Avignon) \/  juillet 2024<\/mark><\/strong><\/h2>\n\n\n\n<h4 class=\"wp-block-heading has-text-align-center\"><a href=\"https:\/\/presence-pasteur.fr\/evenements\/\">https:\/\/presence-pasteur.fr\/evenements\/<\/a><\/h4>\n\n\n<div class=\"wp-block-image\">\n<figure class=\"aligncenter size-large is-resized\"><a href=\"https:\/\/eatatlantique.fr\/wp-content\/uploads\/2024\/07\/1-1.png\"><img loading=\"lazy\" decoding=\"async\" width=\"644\" height=\"644\" src=\"https:\/\/eatatlantique.fr\/wp-content\/uploads\/2024\/07\/1-1-644x644.png\" alt=\"\" class=\"wp-image-1038\" style=\"width:245px;height:auto\" srcset=\"https:\/\/eatatlantique.fr\/wp-content\/uploads\/2024\/07\/1-1-644x644.png 644w, https:\/\/eatatlantique.fr\/wp-content\/uploads\/2024\/07\/1-1-300x300.png 300w, https:\/\/eatatlantique.fr\/wp-content\/uploads\/2024\/07\/1-1-150x150.png 150w, https:\/\/eatatlantique.fr\/wp-content\/uploads\/2024\/07\/1-1-768x768.png 768w, https:\/\/eatatlantique.fr\/wp-content\/uploads\/2024\/07\/1-1-140x140.png 140w, https:\/\/eatatlantique.fr\/wp-content\/uploads\/2024\/07\/1-1.png 1080w\" sizes=\"auto, (max-width: 644px) 100vw, 644px\" \/><\/a><\/figure>\n<\/div>\n\n\n<p><mark style=\"background-color:rgba(0, 0, 0, 0)\" class=\"has-inline-color has-vivid-cyan-blue-color\">Avec les auteur.e.s \u00a0EAT-Atlantique<\/mark>\u00a0: Amandine Lefloch, C\u00e9line Lemari\u00e9, Delphine Sterne, Johann Corbard et Kamal Rawas<\/p>\n\n\n\n<h4 class=\"wp-block-heading has-text-align-center\"><mark style=\"background-color:#ff6900\" class=\"has-inline-color has-white-color\">Pour d\u00e9couvrir les textes : <a href=\"https:\/\/eatatlantique.fr\/?page_id=1052\" data-type=\"link\" data-id=\"https:\/\/eatatlantique.fr\/?page_id=1052\" target=\"_blank\" rel=\"noreferrer noopener\">cliquer ici<\/a><\/mark><\/h4>\n\n\n\n<hr class=\"wp-block-separator has-alpha-channel-opacity\"\/>\n\n\n\n<h3 class=\"wp-block-heading has-text-align-center\"><strong><mark style=\"background-color:rgba(0, 0, 0, 0)\" class=\"has-inline-color has-vivid-red-color\">Th\u00e9\u00e2tre Francine Vasse (Nantes) \/  saison 2023-2024<\/mark><\/strong><\/h3>\n\n\n<div class=\"wp-block-image\">\n<figure class=\"aligncenter size-large is-resized\"><a href=\"https:\/\/eatatlantique.fr\/wp-content\/uploads\/2023\/10\/Facade-TFV-\u00a9YvannAlexandre-scaled.jpg\"><img loading=\"lazy\" decoding=\"async\" width=\"644\" height=\"483\" src=\"https:\/\/eatatlantique.fr\/wp-content\/uploads\/2023\/10\/Facade-TFV-\u00a9YvannAlexandre-644x483.jpg\" alt=\"\" class=\"wp-image-961\" style=\"width:210px;height:158px\" srcset=\"https:\/\/eatatlantique.fr\/wp-content\/uploads\/2023\/10\/Facade-TFV-\u00a9YvannAlexandre-644x483.jpg 644w, https:\/\/eatatlantique.fr\/wp-content\/uploads\/2023\/10\/Facade-TFV-\u00a9YvannAlexandre-300x225.jpg 300w, https:\/\/eatatlantique.fr\/wp-content\/uploads\/2023\/10\/Facade-TFV-\u00a9YvannAlexandre-768x576.jpg 768w, https:\/\/eatatlantique.fr\/wp-content\/uploads\/2023\/10\/Facade-TFV-\u00a9YvannAlexandre-1536x1152.jpg 1536w, https:\/\/eatatlantique.fr\/wp-content\/uploads\/2023\/10\/Facade-TFV-\u00a9YvannAlexandre-2048x1536.jpg 2048w, https:\/\/eatatlantique.fr\/wp-content\/uploads\/2023\/10\/Facade-TFV-\u00a9YvannAlexandre-1260x945.jpg 1260w\" sizes=\"auto, (max-width: 644px) 100vw, 644px\" \/><\/a><\/figure>\n<\/div>\n\n\n<h3 class=\"wp-block-heading has-text-align-center\"><mark style=\"background-color:#ff6900\" class=\"has-inline-color has-white-color\">Pour d\u00e9couvrir les textes : <a rel=\"noreferrer noopener\" href=\"https:\/\/eatatlantique.fr\/?page_id=967\" target=\"_blank\">cliquer ici<\/a><\/mark><\/h3>\n\n\n\n<hr class=\"wp-block-separator has-alpha-channel-opacity\"\/>\n\n\n<div class=\"wp-block-image is-style-default wp-duotone-unset-1\">\n<figure class=\"aligncenter size-large is-resized\"><a href=\"https:\/\/eatatlantique.fr\/wp-content\/uploads\/2023\/06\/Amorce.s-2-1.png\"><img loading=\"lazy\" decoding=\"async\" width=\"644\" height=\"911\" src=\"https:\/\/eatatlantique.fr\/wp-content\/uploads\/2023\/06\/Amorce.s-2-1-644x911.png\" alt=\"\" class=\"wp-image-869\" style=\"aspect-ratio:0.7133479212253829;width:196px;height:auto\" srcset=\"https:\/\/eatatlantique.fr\/wp-content\/uploads\/2023\/06\/Amorce.s-2-1-644x911.png 644w, https:\/\/eatatlantique.fr\/wp-content\/uploads\/2023\/06\/Amorce.s-2-1-212x300.png 212w, https:\/\/eatatlantique.fr\/wp-content\/uploads\/2023\/06\/Amorce.s-2-1-768x1086.png 768w, https:\/\/eatatlantique.fr\/wp-content\/uploads\/2023\/06\/Amorce.s-2-1-1086x1536.png 1086w, https:\/\/eatatlantique.fr\/wp-content\/uploads\/2023\/06\/Amorce.s-2-1-1448x2048.png 1448w, https:\/\/eatatlantique.fr\/wp-content\/uploads\/2023\/06\/Amorce.s-2-1-1260x1782.png 1260w, https:\/\/eatatlantique.fr\/wp-content\/uploads\/2023\/06\/Amorce.s-2-1.png 1587w\" sizes=\"auto, (max-width: 644px) 100vw, 644px\" \/><\/a><\/figure>\n<\/div>\n\n\n<p class=\"has-text-align-left\"><mark style=\"background-color:rgba(0, 0, 0, 0)\" class=\"has-inline-color has-vivid-cyan-blue-color\">Avec les auteur.e.s &nbsp;EAT-Atlantique<\/mark>&nbsp;: Bertrand Pineau, Delphine Sterne, Johann Corbard, Kamal Rawas, Yto Legout et Eric Boscher <em>(invit\u00e9 EAT-HDF)  <\/em><\/p>\n\n\n\n<h3 class=\"wp-block-heading has-text-align-center\"><mark style=\"background-color:#ff6900\" class=\"has-inline-color has-white-color\">Pour d\u00e9couvrir les textes : <a rel=\"noreferrer noopener\" href=\"https:\/\/eatatlantique.fr\/?page_id=895\" data-type=\"URL\" data-id=\"https:\/\/eatatlantique.fr\/?page_id=85\" target=\"_blank\">cliquer ici<\/a><\/mark><\/h3>\n\n\n<div class=\"wp-block-image\">\n<figure class=\"aligncenter size-large is-resized\"><a href=\"https:\/\/eatatlantique.fr\/wp-content\/uploads\/2023\/08\/PXL_20230713_1004092902-scaled.jpg\"><img loading=\"lazy\" decoding=\"async\" width=\"644\" height=\"544\" src=\"https:\/\/eatatlantique.fr\/wp-content\/uploads\/2023\/08\/PXL_20230713_1004092902-644x544.jpg\" alt=\"\" class=\"wp-image-887\" style=\"width:320px;height:270px\" srcset=\"https:\/\/eatatlantique.fr\/wp-content\/uploads\/2023\/08\/PXL_20230713_1004092902-644x544.jpg 644w, https:\/\/eatatlantique.fr\/wp-content\/uploads\/2023\/08\/PXL_20230713_1004092902-300x253.jpg 300w, https:\/\/eatatlantique.fr\/wp-content\/uploads\/2023\/08\/PXL_20230713_1004092902-768x649.jpg 768w, https:\/\/eatatlantique.fr\/wp-content\/uploads\/2023\/08\/PXL_20230713_1004092902-1536x1298.jpg 1536w, https:\/\/eatatlantique.fr\/wp-content\/uploads\/2023\/08\/PXL_20230713_1004092902-2048x1731.jpg 2048w, https:\/\/eatatlantique.fr\/wp-content\/uploads\/2023\/08\/PXL_20230713_1004092902-1260x1065.jpg 1260w\" sizes=\"auto, (max-width: 644px) 100vw, 644px\" \/><\/a><figcaption class=\"wp-element-caption\"><sup>Pr\u00e9sence pasteur, Avignon &#8211; Juillet 2023<\/sup><\/figcaption><\/figure>\n<\/div>\n\n<div class=\"wp-block-image\">\n<figure class=\"aligncenter size-large is-resized\"><a href=\"https:\/\/eatatlantique.fr\/wp-content\/uploads\/2023\/08\/PXL_20230715_174342703.TS_exported_271697_1689447701886-12.jpg\"><img loading=\"lazy\" decoding=\"async\" width=\"644\" height=\"381\" src=\"https:\/\/eatatlantique.fr\/wp-content\/uploads\/2023\/08\/PXL_20230715_174342703.TS_exported_271697_1689447701886-12-644x381.jpg\" alt=\"\" class=\"wp-image-888\" style=\"width:382px;height:226px\" srcset=\"https:\/\/eatatlantique.fr\/wp-content\/uploads\/2023\/08\/PXL_20230715_174342703.TS_exported_271697_1689447701886-12-644x381.jpg 644w, https:\/\/eatatlantique.fr\/wp-content\/uploads\/2023\/08\/PXL_20230715_174342703.TS_exported_271697_1689447701886-12-300x177.jpg 300w, https:\/\/eatatlantique.fr\/wp-content\/uploads\/2023\/08\/PXL_20230715_174342703.TS_exported_271697_1689447701886-12-768x454.jpg 768w, https:\/\/eatatlantique.fr\/wp-content\/uploads\/2023\/08\/PXL_20230715_174342703.TS_exported_271697_1689447701886-12-1536x909.jpg 1536w, https:\/\/eatatlantique.fr\/wp-content\/uploads\/2023\/08\/PXL_20230715_174342703.TS_exported_271697_1689447701886-12-1260x745.jpg 1260w, https:\/\/eatatlantique.fr\/wp-content\/uploads\/2023\/08\/PXL_20230715_174342703.TS_exported_271697_1689447701886-12.jpg 1817w\" sizes=\"auto, (max-width: 644px) 100vw, 644px\" \/><\/a><figcaption class=\"wp-element-caption\"><sub><sup>Restitution en public (Pr\u00e9sence Pasteur, Avignon &#8211; Juillet 2023)<\/sup><\/sub><\/figcaption><\/figure>\n<\/div>\n\n<div class=\"wp-block-image\">\n<figure class=\"aligncenter size-large is-resized\"><a href=\"https:\/\/eatatlantique.fr\/wp-content\/uploads\/2023\/08\/PXL_20230715_1710254382-scaled.jpg\"><img loading=\"lazy\" decoding=\"async\" width=\"644\" height=\"463\" src=\"https:\/\/eatatlantique.fr\/wp-content\/uploads\/2023\/08\/PXL_20230715_1710254382-644x463.jpg\" alt=\"\" class=\"wp-image-889\" style=\"width:469px;height:337px\" srcset=\"https:\/\/eatatlantique.fr\/wp-content\/uploads\/2023\/08\/PXL_20230715_1710254382-644x463.jpg 644w, https:\/\/eatatlantique.fr\/wp-content\/uploads\/2023\/08\/PXL_20230715_1710254382-300x216.jpg 300w, https:\/\/eatatlantique.fr\/wp-content\/uploads\/2023\/08\/PXL_20230715_1710254382-768x553.jpg 768w, https:\/\/eatatlantique.fr\/wp-content\/uploads\/2023\/08\/PXL_20230715_1710254382-1536x1105.jpg 1536w, https:\/\/eatatlantique.fr\/wp-content\/uploads\/2023\/08\/PXL_20230715_1710254382-2048x1474.jpg 2048w, https:\/\/eatatlantique.fr\/wp-content\/uploads\/2023\/08\/PXL_20230715_1710254382-1260x907.jpg 1260w\" sizes=\"auto, (max-width: 644px) 100vw, 644px\" \/><\/a><figcaption class=\"wp-element-caption\"><sub>Restitution en public (Pr\u00e9sence Pasteur, Avignon &#8211; Juillet 2023)<\/sub><\/figcaption><\/figure>\n<\/div>\n\n\n<hr class=\"wp-block-separator has-alpha-channel-opacity\"\/>\n\n\n\n<p class=\"has-text-align-center\"><strong>Premi\u00e8re mise en \u0153uvre :<em>&nbsp; <\/em><\/strong><mark style=\"background-color:rgba(0, 0, 0, 0)\" class=\"has-inline-color has-luminous-vivid-orange-color\"><strong>Pr\u00e9sence Pasteur, festival Off d\u2019Avignon &#8211; juillet 2022<\/strong><\/mark><\/p>\n\n\n\n<p class=\"has-text-align-center\">Avec les auteur.e.s EAT<\/p>\n\n\n\n<p class=\"has-text-align-center\"><em>Delphine Sterne, Eloi Lequinio, Johann Corbard, Julia Lemaire, Kamal Rawas et Yto Legout  <\/em><\/p>\n\n\n<div class=\"wp-block-image\">\n<figure class=\"aligncenter is-resized\"><img loading=\"lazy\" decoding=\"async\" width=\"644\" height=\"313\" src=\"https:\/\/eatatlantique.fr\/wp-content\/uploads\/2022\/09\/IMG-20220718-WA0002-644x313.jpg\" alt=\"\" class=\"wp-image-743\" style=\"width:451px;height:219px\"\/><figcaption class=\"wp-element-caption\"><sub>Juillet 2022 &#8211; Pr\u00e9sence Pasteur, Avignon<\/sub><\/figcaption><\/figure>\n<\/div>\n\n\n<h3 class=\"wp-block-heading has-text-align-center\"><mark style=\"background-color:#ff6900\" class=\"has-inline-color has-white-color\">Pour d\u00e9couvrir les textes : <a rel=\"noreferrer noopener\" href=\"https:\/\/eatatlantique.fr\/?page_id=926\" data-type=\"URL\" data-id=\"https:\/\/eatatlantique.fr\/?page_id=85\" target=\"_blank\">cliquer ici<\/a><\/mark><\/h3>\n\n\n\n<div class=\"wp-block-group is-style-default\"><div class=\"wp-block-group__inner-container is-layout-flow wp-block-group-is-layout-flow\"><\/div><\/div>\n","protected":false},"excerpt":{"rendered":"<p>Dispositif d\u2019\u00e9criture th\u00e9\u00e2trale au c\u0153ur des spectateurs Rencontrez une autrice ou un auteur&nbsp;: nous venons vous voir. Ensemble nous nous posons quelque part, nous prenons le temps de discuter. D\u2019un c\u00f4t\u00e9, vous vous confiez, un peu, beaucoup, passionn\u00e9ment. &nbsp;De l\u2019autre, nous \u00e9coutons, nous questionnons, nous observons, nous commen\u00e7ons \u00e0 prendre des notes\u2026 Soyez \u00e0 l\u2019origine&hellip; <\/p>\n<p class=\"toivo-read-more\"><a href=\"https:\/\/eatatlantique.fr\/?page_id=735\" class=\"more-link\">Lire la suite <span class=\"screen-reader-text\">Amorce.s<\/span><\/a><\/p>\n","protected":false},"author":1,"featured_media":0,"parent":0,"menu_order":0,"comment_status":"closed","ping_status":"closed","template":"","meta":{"footnotes":""},"class_list":{"0":"post-735","1":"page","2":"type-page","3":"status-publish","5":"entry"},"_links":{"self":[{"href":"https:\/\/eatatlantique.fr\/index.php?rest_route=\/wp\/v2\/pages\/735","targetHints":{"allow":["GET"]}}],"collection":[{"href":"https:\/\/eatatlantique.fr\/index.php?rest_route=\/wp\/v2\/pages"}],"about":[{"href":"https:\/\/eatatlantique.fr\/index.php?rest_route=\/wp\/v2\/types\/page"}],"author":[{"embeddable":true,"href":"https:\/\/eatatlantique.fr\/index.php?rest_route=\/wp\/v2\/users\/1"}],"replies":[{"embeddable":true,"href":"https:\/\/eatatlantique.fr\/index.php?rest_route=%2Fwp%2Fv2%2Fcomments&post=735"}],"version-history":[{"count":49,"href":"https:\/\/eatatlantique.fr\/index.php?rest_route=\/wp\/v2\/pages\/735\/revisions"}],"predecessor-version":[{"id":1056,"href":"https:\/\/eatatlantique.fr\/index.php?rest_route=\/wp\/v2\/pages\/735\/revisions\/1056"}],"wp:attachment":[{"href":"https:\/\/eatatlantique.fr\/index.php?rest_route=%2Fwp%2Fv2%2Fmedia&parent=735"}],"curies":[{"name":"wp","href":"https:\/\/api.w.org\/{rel}","templated":true}]}}